{"id":78,"date":"2024-08-14T03:50:55","date_gmt":"2024-08-14T03:50:55","guid":{"rendered":"https:\/\/palavraseartes.com\/?page_id=78"},"modified":"2024-08-14T03:50:56","modified_gmt":"2024-08-14T03:50:56","slug":"terms","status":"publish","type":"page","link":"https:\/\/palavraseartes.com\/en\/terms\/","title":{"rendered":"Terms of Use \u2013 Words and Arts"},"content":{"rendered":"<div class=\"mx-5 sm:mx-0 prose leading-relaxed text-lg mb-5 text-left wp-paragraph\">\n<p>Last updated: August 13, 2024.<\/p>\n<\/div><div class=\"mx-5 sm:mx-0 prose leading-relaxed text-lg mb-5 text-left wp-paragraph\">\n<p>Palavras e Artes is the creator, owner and administrator of the Palavras e Artes portal, accessible at the address<a style=\" color:;\" href=\"https:\/\/palavraseartes.com\/en\/\"> https:\/\/palavraseartes.com\/<\/a>. The expressions \u201cwe\u201d, \u201cour\u201d and \u201cus\u201d mentioned in this Terms of Use Document refer exclusively to Palavras e Artes.&nbsp;<\/p>\n<\/div><div class=\"mx-5 sm:mx-0 prose leading-relaxed text-lg mb-5 text-left wp-paragraph\">\n<p>Our portal focuses on disseminating content related to applications, entertainment and cultural news, offering in-depth insights and analysis on a wide range of products and services.&nbsp;<\/p>\n<\/div><div class=\"mx-5 sm:mx-0 prose leading-relaxed text-lg mb-5 text-left wp-paragraph\">\n<p>These Terms of Use shall be construed and enforced in accordance with our Privacy Policy, which can be found at <a style=\" color:;\" href=\"https:\/\/palavraseartes.com\/en\/privacy-policy\/\">https:\/\/palavraseartes.com\/privacy-policy\/<\/a>, and are in full compliance with current legislation.&nbsp;<\/p>\n<\/div><div class=\"mx-5 sm:mx-0 prose leading-relaxed text-lg mb-5 text-left wp-paragraph\">\n<p><strong>It is essential that the user takes the time to carefully read these Terms of Use. If there is any disagreement with any of the terms presented here, it is recommended that the user does not use the services offered by the portal.<\/strong>&nbsp;<\/p>\n<\/div><!--advertisement--><div class=\"mx-5 sm:mx-0 sm:text-3xl text-2xl font-medium title-font mb-4 text-gray-900 text-left\">\n<h2 class=\"wp-block-heading\" id=\"h-secao-i-condicoes-de-acesso\">Section I \u2013 Conditions of Access<\/h2>\n<\/div><div class=\"mx-5 sm:mx-0 prose leading-relaxed text-lg mb-5 text-left wp-paragraph\">\n<p><strong>1.1<\/strong> By choosing to use our services, the user agrees to comply with the General Terms and Conditions of Use and the linked Privacy Policy, this acceptance being a mandatory condition for taking advantage of the services provided.<\/p>\n<\/div><div class=\"mx-5 sm:mx-0 prose leading-relaxed text-lg mb-5 text-left wp-paragraph\">\n<p><strong>1.2<\/strong> The user must be at least 18 years of age and have full legal capacity to understand and accept the obligations contained in these Terms.<\/p>\n<\/div><div class=\"mx-5 sm:mx-0 prose leading-relaxed text-lg mb-5 text-left wp-paragraph\">\n<p><strong>1.3<\/strong> People who do not meet the aforementioned requirements are advised not to use the services, portals and other resources offered by Palavras e Artes.<\/p>\n<\/div><!--advertisement--><div class=\"mx-5 sm:mx-0 sm:text-3xl text-2xl font-medium title-font mb-4 text-gray-900 text-left\">\n<h2 class=\"wp-block-heading\" id=\"h-secao-ii-contato\">Section II \u2013 Contact<\/h2>\n<\/div><div class=\"mx-5 sm:mx-0 prose leading-relaxed text-lg mb-5 text-left wp-paragraph\">\n<p>For clarification or requests for additional information regarding our services, we encourage the user to contact us through our Palavras e Artes portal, visiting <a style=\" color:;\" href=\"https:\/\/palavraseartes.com\/en\/contact\/\">https:\/\/palavraseartes.com\/contact\/<\/a> for more information.<\/p>\n<\/div><!--advertisement--><div class=\"mx-5 sm:mx-0 sm:text-3xl text-2xl font-medium title-font mb-4 text-gray-900 text-left\">\n<h2 class=\"wp-block-heading\" id=\"h-secao-iii-compromissos-e-deveres\">Section III \u2013 Commitments and Duties<\/h2>\n<\/div><div class=\"mx-5 sm:mx-0 prose leading-relaxed text-lg mb-5 text-left wp-paragraph\">\n<p><strong>3.1. Acceptance of Terms<\/strong><\/p>\n<\/div><div class=\"mx-5 sm:mx-0 prose leading-relaxed text-lg mb-5 text-left wp-paragraph\">\n<p>By accessing Palavras e Artes, the user expresses his\/her agreement with the terms and conditions stipulated in this document. If there is disagreement with any term described herein, it is advisable not to use the portal.<\/p>\n<\/div><div class=\"mx-5 sm:mx-0 prose leading-relaxed text-lg mb-5 text-left wp-paragraph\">\n<p><strong>3.2. Purpose of the Portal<\/strong><\/p>\n<\/div><div class=\"mx-5 sm:mx-0 prose leading-relaxed text-lg mb-5 text-left wp-paragraph\">\n<p>The Palavras e Artes portal is designed to provide relevant information about applications and entertainment. It provides users with the opportunity to explore applications, news about cultural events and other related products.<\/p>\n<\/div><div class=\"mx-5 sm:mx-0 prose leading-relaxed text-lg mb-5 text-left wp-paragraph\">\n<p><strong>3.3. Disclaimer<\/strong><\/p>\n<\/div><div class=\"mx-5 sm:mx-0 prose leading-relaxed text-lg mb-5 text-left wp-paragraph\">\n<p>Palavras e Artes is exempt from any liability for losses resulting from viruses or malware, improper use of the portal or situations of force majeure.<\/p>\n<\/div><div class=\"mx-5 sm:mx-0 prose leading-relaxed text-lg mb-5 text-left wp-paragraph\">\n<p><strong>3.4. Redirects to Third Party Sites<\/strong><\/p>\n<\/div><div class=\"mx-5 sm:mx-0 prose leading-relaxed text-lg mb-5 text-left wp-paragraph\">\n<p>Palavras e Artes facilitates access to external websites, managed by third parties. We do not control these external websites and, consequently, are not responsible for their privacy policies, content or any transactions carried out through them.<\/p>\n<\/div><div class=\"mx-5 sm:mx-0 prose leading-relaxed text-lg mb-5 text-left wp-paragraph\">\n<p><strong>3.5. Alert regarding Requests for Personal Information<\/strong><\/p>\n<\/div><div class=\"mx-5 sm:mx-0 prose leading-relaxed text-lg mb-5 text-left wp-paragraph\">\n<p>We would like to point out that Palavras e Artes does not request personal or registration information via email. If you receive any electronic communication requesting this information on behalf of Palavras e Artes, please do not respond and notify our team immediately of the occurrence.<\/p>\n<\/div><div class=\"mx-5 sm:mx-0 prose leading-relaxed text-lg mb-5 text-left wp-paragraph\">\n<p><strong>3.6. User Support<\/strong><\/p>\n<\/div><div class=\"mx-5 sm:mx-0 prose leading-relaxed text-lg mb-5 text-left wp-paragraph\">\n<p>For any clarifications, questions or comments related to our terms of service, Palavras e Artes is available through our contact form, accessible at <a style=\" color:;\" href=\"https:\/\/palavraseartes.com\/en\/contact\/\">https:\/\/palavraseartes.com\/contact\/<\/a>.<\/p>\n<\/div><!--advertisement--><div class=\"mx-5 sm:mx-0 sm:text-3xl text-2xl font-medium title-font mb-4 text-gray-900 text-left\">\n<h2 class=\"wp-block-heading\" id=\"h-secao-iv-condicoes-de-uso-e-restricoes\">Section IV \u2013 Conditions of Use and Restrictions<\/h2>\n<\/div><div class=\"mx-5 sm:mx-0 prose leading-relaxed text-lg mb-5 text-left wp-paragraph\">\n<p>The use of this portal is strictly regulated and its use is prohibited for:<\/p>\n<\/div><div class=\"mx-5 sm:mx-0 prose text-left mb-5\">\n<ul><div class=\"mx-5 sm:mx-0 prose text-left mb-5\">\n<li>Carry out illegal activities<\/li>\n<\/div>\n\n<div class=\"mx-5 sm:mx-0 prose text-left mb-5\">\n<li>Infringing intellectual property rights<\/li>\n<\/div>\n\n<div class=\"mx-5 sm:mx-0 prose text-left mb-5\">\n<li>Interfering with or disturbing other users<\/li>\n<\/div>\n\n<div class=\"mx-5 sm:mx-0 prose text-left mb-5\">\n<li>Disseminating false information<\/li>\n<\/div>\n\n<div class=\"mx-5 sm:mx-0 prose text-left mb-5\">\n<li>Spreading computer viruses<\/li>\n<\/div>\n\n<div class=\"mx-5 sm:mx-0 prose text-left mb-5\">\n<li>Improperly accessing third party personal data<\/li>\n<\/div>\n\n<div class=\"mx-5 sm:mx-0 prose text-left mb-5\">\n<li>Sending unsolicited messages (spam)<\/li>\n<\/div>\n\n<div class=\"mx-5 sm:mx-0 prose text-left mb-5\">\n<li>Committing acts considered obscene or immoral<\/li>\n<\/div>\n\n<div class=\"mx-5 sm:mx-0 prose text-left mb-5\">\n<li>Attempting to circumvent established security measures<\/li>\n<\/div><\/ul>\n<\/div><div class=\"mx-5 sm:mx-0 prose leading-relaxed text-lg mb-5 text-left wp-paragraph\">\n<p>In case of violation of these rules, the user may have their access to the portal suspended or terminated.<\/p>\n<\/div><!--advertisement--><div class=\"mx-5 sm:mx-0 sm:text-3xl text-2xl font-medium title-font mb-4 text-gray-900 text-left\">\n<h2 class=\"wp-block-heading\" id=\"h-secao-v-declaracao-de-nao-responsabilidade-e-restricao-de-garantias\">Section V \u2013 Disclaimer of Warranties and Non-Liability<\/h2>\n<\/div><div class=\"mx-5 sm:mx-0 prose leading-relaxed text-lg mb-5 text-left wp-paragraph\">\n<p>Palavras e Artes provides its service on an \u201cas is\u201d basis, with no guarantees of continuity, security or accuracy. The functionality of the service may be interrupted or terminated at any time, without prior notice. Palavras e Artes assumes no responsibility for any losses resulting from the use of the service, which may include, but are not limited to:<\/p>\n<\/div><div class=\"mx-5 sm:mx-0 prose text-left mb-5\">\n<ul><div class=\"mx-5 sm:mx-0 prose text-left mb-5\">\n<li>Financial losses<\/li>\n<\/div>\n\n<div class=\"mx-5 sm:mx-0 prose text-left mb-5\">\n<li>Data loss<\/li>\n<\/div>\n\n<div class=\"mx-5 sm:mx-0 prose text-left mb-5\">\n<li>Intangible damages, such as damage to personal or corporate reputation or image<\/li>\n<\/div><\/ul>\n<\/div><div class=\"mx-5 sm:mx-0 prose leading-relaxed text-lg mb-5 text-left wp-paragraph\">\n<p>However, it is important to note that in certain jurisdictions, applicable laws do not allow complete exemption from liability for secondary or consequential damages. In such circumstances, Palavras e Artes&#039; liability will be limited to the maximum extent permitted by applicable law.<\/p>\n<\/div><!--advertisement--><div class=\"mx-5 sm:mx-0 sm:text-3xl text-2xl font-medium title-font mb-4 text-gray-900 text-left\">\n<h2 class=\"wp-block-heading\" id=\"h-secao-vi-duracao-e-prazo-para-acao-legal\">Section VI \u2013 Duration and Deadline for Legal Action<\/h2>\n<\/div><div class=\"mx-5 sm:mx-0 prose leading-relaxed text-lg mb-5 text-left wp-paragraph\">\n<p>Any legal action or administrative proceeding arising from the use of Palavras e Artes, as described in these Terms of Use or the Privacy Policy, must be initiated within a maximum period of 90 days after the occurrence. The validity of these Terms and Conditions of Use is maintained for an indefinite period.<\/p>\n<\/div><!--advertisement--><div class=\"mx-5 sm:mx-0 sm:text-3xl text-2xl font-medium title-font mb-4 text-gray-900 text-left\">\n<h2 class=\"wp-block-heading\" id=\"h-secao-vii-definicao-de-legislacao-e-escolha-de-foro\">Section VII \u2013 Definition of Legislation and Choice of Forum<\/h2>\n<\/div><div class=\"mx-5 sm:mx-0 prose leading-relaxed text-lg mb-5 text-left wp-paragraph\">\n<p><strong>7.1<\/strong> It is essential to interpret the terms of service and the privacy policy together. Both are governed by Brazilian law, including the Federal Constitution, the Civil Code, the Consumer Protection Code, the Internet Civil Rights Framework Law and the General Data Protection Law.<\/p>\n<\/div><div class=\"mx-5 sm:mx-0 prose leading-relaxed text-lg mb-5 text-left wp-paragraph\">\n<p><strong>7.2<\/strong> In case of disputes related to the interpretation or application of the terms of service and the privacy policy, the parties mutually agree to submit to the exclusive jurisdiction of the Chamber of Commerce in Tallinn, Estonia.<\/p>\n<\/div><!--advertisement--><div class=\"mx-5 sm:mx-0 sm:text-3xl text-2xl font-medium title-font mb-4 text-gray-900 text-left\">\n<h2 class=\"wp-block-heading\" id=\"h-secao-viii-direitos-autorais-e-propriedade-intelectual\">Section VIII \u2013 Copyright and Intellectual Property<\/h2>\n<\/div><div class=\"mx-5 sm:mx-0 prose leading-relaxed text-lg mb-5 text-left wp-paragraph\">\n<p><strong>8.1 Content Protection<\/strong><\/p>\n<\/div><div class=\"mx-5 sm:mx-0 prose leading-relaxed text-lg mb-5 text-left wp-paragraph\">\n<p>The content offered by Palavras e Artes is protected by copyright and intellectual property laws. It is strictly forbidden to reproduce, modify, distribute, display or create derivative works from the material provided without the explicit authorization of Palavras e Artes.<\/p>\n<\/div><div class=\"mx-5 sm:mx-0 prose leading-relaxed text-lg mb-5 text-left wp-paragraph\">\n<p><strong>8.2 Limitation of Liability<\/strong><\/p>\n<\/div><div class=\"mx-5 sm:mx-0 prose leading-relaxed text-lg mb-5 text-left wp-paragraph\">\n<p>Palavras e Artes declares itself exempt from liability for content produced by users, such as comments or posts on forums and social networks. It also assumes no liability for damages suffered as a result of the use of the portal, whether direct, indirect, accidental or consequential.<\/p>\n<\/div><div class=\"mx-5 sm:mx-0 prose leading-relaxed text-lg mb-5 text-left wp-paragraph\">\n<p><strong>8.3 Violations<\/strong><\/p>\n<\/div><div class=\"mx-5 sm:mx-0 prose leading-relaxed text-lg mb-5 text-left wp-paragraph\">\n<p>Palavras e Artes has the right to eliminate content that violates the terms of use, especially those that are illegal, offensive, defamatory or that infringe the rights of third parties. It also reserves the right to close the accounts of users who fail to comply with the agreed terms of use.<\/p>\n<\/div><!--advertisement--><div class=\"mx-5 sm:mx-0 sm:text-3xl text-2xl font-medium title-font mb-4 text-gray-900 text-left\">\n<h2 class=\"wp-block-heading\" id=\"h-secao-ix-alteracoes-nos-termos-e-condicoes\">Section IX \u2013 Changes to Terms and Conditions<\/h2>\n<\/div><div class=\"mx-5 sm:mx-0 prose leading-relaxed text-lg mb-5 text-left wp-paragraph\">\n<p>We reserve the right to modify or discontinue any services offered, at any time and without prior notice to users. The most recent version of the Terms of Use can be accessed at any time at <a style=\" color:;\" href=\"https:\/\/palavraseartes.com\/en\/terms\/\">https:\/\/palavraseartes.com\/terms\/<\/a>.&nbsp;<\/p>\n<\/div><div class=\"mx-5 sm:mx-0 prose leading-relaxed text-lg mb-5 text-left wp-paragraph\">\n<p>These changes do not imply additional responsibilities for Palavras e Artes. By using the Palavras e Artes portal, you tacitly accept the current terms and conditions. If the established terms are not to your agreement, it is advisable not to use the portal.<\/p>\n<\/div><!--advertisement--><div class=\"mx-5 sm:mx-0 sm:text-3xl text-2xl font-medium title-font mb-4 text-gray-900 text-left\">\n<h2 class=\"wp-block-heading\" id=\"h-secao-x-entre-em-contato\">Section X \u2013 Contact Us<\/h2>\n<\/div><div class=\"mx-5 sm:mx-0 prose leading-relaxed text-lg mb-5 text-left wp-paragraph\">\n<p>We are here to help you. For any questions or suggestions regarding our services, we encourage you to contact our customer support team. You can send your message using the form available at the link <a style=\" color:;\" href=\"https:\/\/palavraseartes.com\/en\/contact\/\">https:\/\/palavraseartes.com\/contact\/<\/a>.<\/p>\n<\/div>","protected":false},"excerpt":{"rendered":"<p>Most recent update: August 13, 2024. Palavras e Artes is the creator, owner and administrator of the Palavras e Artes portal, accessible at https:\/\/palavraseartes.com\/. The expressions \u201cwe\u201d, \u201cour\u201d and \u201cus\u201d mentioned in this Terms of Use Document refer exclusively to Palavras e Artes. Our portal is focused on disseminating content related to\u2026 <a class=\"more-link\" href=\"https:\/\/palavraseartes.com\/en\/terms\/\">Continue reading <span class=\"screen-reader-text\">Terms of Use \u2013 Words and Arts<\/span><\/a><\/p>","protected":false},"author":34,"featured_media":0,"parent":0,"menu_order":0,"comment_status":"closed","ping_status":"closed","template":"","meta":{"footnotes":""},"yoast_head":"<!-- This site is optimized with the Yoast SEO Premium plugin v18.7 (Yoast SEO v23.3) - https:\/\/yoast.com\/wordpress\/plugins\/seo\/ -->\n<title>Termos de Uso - Palavras e Artes - P&amp;A<\/title>\n<meta name=\"robots\" content=\"index, follow, max-snippet:-1, max-image-preview:large, max-video-preview:-1\" \/>\n<link rel=\"canonical\" href=\"https:\/\/palavraseartes.com\/en\/terms\/\" \/>\n<meta property=\"og:locale\" content=\"en_US\" \/>\n<meta property=\"og:type\" content=\"article\" \/>\n<meta property=\"og:title\" content=\"Termos de Uso - Palavras e Artes\" \/>\n<meta property=\"og:description\" content=\"Atualiza\u00e7\u00e3o mais recente: 13 de Agosto de 2024. Palavras e Artes \u00e9 o criador, propriet\u00e1rio e administrador do portal Palavras e Artes, acess\u00edvel pelo endere\u00e7o https:\/\/palavraseartes.com\/. As express\u00f5es &#8220;n\u00f3s&#8221;, &#8220;nosso&#8221; e &#8220;nos&#8221; mencionadas neste Documento de Termos de Uso referem-se exclusivamente ao Palavras e Artes.&nbsp; Nosso portal \u00e9 focado na dissemina\u00e7\u00e3o de conte\u00fados ligados a&hellip; Continue reading Termos de Uso &#8211; Palavras e Artes\" \/>\n<meta property=\"og:url\" content=\"https:\/\/palavraseartes.com\/en\/terms\/\" \/>\n<meta property=\"og:site_name\" content=\"P&amp;A\" \/>\n<meta property=\"article:modified_time\" content=\"2024-08-14T03:50:56+00:00\" \/>\n<meta name=\"twitter:card\" content=\"summary_large_image\" \/>\n<meta name=\"twitter:label1\" content=\"Est. reading time\" \/>\n\t<meta name=\"twitter:data1\" content=\"7 minutes\" \/>\n<script type=\"application\/ld+json\" class=\"yoast-schema-graph\">{\"@context\":\"https:\/\/schema.org\",\"@graph\":[{\"@type\":\"WebPage\",\"@id\":\"https:\/\/palavraseartes.com\/terms\/\",\"url\":\"https:\/\/palavraseartes.com\/terms\/\",\"name\":\"Termos de Uso - Palavras e Artes - P&amp;A\",\"isPartOf\":{\"@id\":\"https:\/\/palavraseartes.com\/#website\"},\"datePublished\":\"2024-08-14T03:50:55+00:00\",\"dateModified\":\"2024-08-14T03:50:56+00:00\",\"breadcrumb\":{\"@id\":\"https:\/\/palavraseartes.com\/terms\/#breadcrumb\"},\"inLanguage\":\"en-US\",\"potentialAction\":[{\"@type\":\"ReadAction\",\"target\":[\"https:\/\/palavraseartes.com\/terms\/\"]}]},{\"@type\":\"BreadcrumbList\",\"@id\":\"https:\/\/palavraseartes.com\/terms\/#breadcrumb\",\"itemListElement\":[{\"@type\":\"ListItem\",\"position\":1,\"name\":\"Home\",\"item\":\"https:\/\/palavraseartes.com\/\"},{\"@type\":\"ListItem\",\"position\":2,\"name\":\"Termos de Uso &#8211; Palavras e Artes\"}]},{\"@type\":\"WebSite\",\"@id\":\"https:\/\/palavraseartes.com\/#website\",\"url\":\"https:\/\/palavraseartes.com\/\",\"name\":\"P&amp;A\",\"description\":\"\",\"potentialAction\":[{\"@type\":\"SearchAction\",\"target\":{\"@type\":\"EntryPoint\",\"urlTemplate\":\"https:\/\/palavraseartes.com\/?s={search_term_string}\"},\"query-input\":\"required name=search_term_string\"}],\"inLanguage\":\"en-US\"}]}<\/script>\n<!-- \/ Yoast SEO Premium plugin. -->","yoast_head_json":{"title":"Termos de Uso - Palavras e Artes - P&amp;A","robots":{"index":"index","follow":"follow","max-snippet":"max-snippet:-1","max-image-preview":"max-image-preview:large","max-video-preview":"max-video-preview:-1"},"canonical":"https:\/\/palavraseartes.com\/en\/terms\/","og_locale":"en_US","og_type":"article","og_title":"Termos de Uso - Palavras e Artes","og_description":"Atualiza\u00e7\u00e3o mais recente: 13 de Agosto de 2024. Palavras e Artes \u00e9 o criador, propriet\u00e1rio e administrador do portal Palavras e Artes, acess\u00edvel pelo endere\u00e7o https:\/\/palavraseartes.com\/. As express\u00f5es &#8220;n\u00f3s&#8221;, &#8220;nosso&#8221; e &#8220;nos&#8221; mencionadas neste Documento de Termos de Uso referem-se exclusivamente ao Palavras e Artes.&nbsp; Nosso portal \u00e9 focado na dissemina\u00e7\u00e3o de conte\u00fados ligados a&hellip; Continue reading Termos de Uso &#8211; Palavras e Artes","og_url":"https:\/\/palavraseartes.com\/en\/terms\/","og_site_name":"P&amp;A","article_modified_time":"2024-08-14T03:50:56+00:00","twitter_card":"summary_large_image","twitter_misc":{"Est. reading time":"7 minutes"},"schema":{"@context":"https:\/\/schema.org","@graph":[{"@type":"WebPage","@id":"https:\/\/palavraseartes.com\/terms\/","url":"https:\/\/palavraseartes.com\/terms\/","name":"Termos de Uso - Palavras e Artes - P&amp;A","isPartOf":{"@id":"https:\/\/palavraseartes.com\/#website"},"datePublished":"2024-08-14T03:50:55+00:00","dateModified":"2024-08-14T03:50:56+00:00","breadcrumb":{"@id":"https:\/\/palavraseartes.com\/terms\/#breadcrumb"},"inLanguage":"en-US","potentialAction":[{"@type":"ReadAction","target":["https:\/\/palavraseartes.com\/terms\/"]}]},{"@type":"BreadcrumbList","@id":"https:\/\/palavraseartes.com\/terms\/#breadcrumb","itemListElement":[{"@type":"ListItem","position":1,"name":"Home","item":"https:\/\/palavraseartes.com\/"},{"@type":"ListItem","position":2,"name":"Termos de Uso &#8211; Palavras e Artes"}]},{"@type":"WebSite","@id":"https:\/\/palavraseartes.com\/#website","url":"https:\/\/palavraseartes.com\/","name":"P&amp;A","description":"","potentialAction":[{"@type":"SearchAction","target":{"@type":"EntryPoint","urlTemplate":"https:\/\/palavraseartes.com\/?s={search_term_string}"},"query-input":"required name=search_term_string"}],"inLanguage":"en-US"}]}},"_links":{"self":[{"href":"https:\/\/palavraseartes.com\/en\/wp-json\/wp\/v2\/pages\/78"}],"collection":[{"href":"https:\/\/palavraseartes.com\/en\/wp-json\/wp\/v2\/pages"}],"about":[{"href":"https:\/\/palavraseartes.com\/en\/wp-json\/wp\/v2\/types\/page"}],"author":[{"embeddable":true,"href":"https:\/\/palavraseartes.com\/en\/wp-json\/wp\/v2\/users\/34"}],"replies":[{"embeddable":true,"href":"https:\/\/palavraseartes.com\/en\/wp-json\/wp\/v2\/comments?post=78"}],"version-history":[{"count":1,"href":"https:\/\/palavraseartes.com\/en\/wp-json\/wp\/v2\/pages\/78\/revisions"}],"predecessor-version":[{"id":79,"href":"https:\/\/palavraseartes.com\/en\/wp-json\/wp\/v2\/pages\/78\/revisions\/79"}],"wp:attachment":[{"href":"https:\/\/palavraseartes.com\/en\/wp-json\/wp\/v2\/media?parent=78"}],"curies":[{"name":"wp","href":"https:\/\/api.w.org\/{rel}","templated":true}]}}